{"id":2054,"date":"2025-08-18T03:06:01","date_gmt":"2025-08-18T03:06:01","guid":{"rendered":"https:\/\/polisecuador.org\/?p=2054&#038;post_type=editoriales&#038;preview_id=2054"},"modified":"2025-09-01T17:19:39","modified_gmt":"2025-09-01T17:19:39","slug":"ecuador-es-un-lugar-extrano","status":"publish","type":"editoriales","link":"https:\/\/polisecuador.org\/en\/editoriales\/ecuador-es-un-lugar-extrano\/","title":{"rendered":"Ecuador es un lugar extra\u00f1o"},"content":{"rendered":"<h1 style=\"text-align: center\">Ecuador es un lugar extra\u00f1o<\/h1>\n<p>Cuando pensamos en lo raro, en lo extra\u00f1o, lo inusual o peculiar; naturalmente pueden venir ejemplos de lo bueno y de lo malo: lugares bellos pero vac\u00edos; animales majestuosos pero venenosos; personas libres, pero sin educaci\u00f3n.<\/p>\n<p>Pero ubiqu\u00e9monos en Ecuador, \u00bfpor qu\u00e9 es extra\u00f1o?<\/p>\n<p>Un lugar\u2026 donde mientras m\u00e1s poder tienes m\u00e1s da\u00f1o le haces a los \u201cinocentes\u201d; lugar, donde los \u201cinocentes\u201d pueden o no serlo seg\u00fan la llenura de sus carteras; lugar, donde las carteras pueden estar llenas de dinero, de sangre o de dinero ensangrentado, tambi\u00e9n de dinero lavado, pero eso es tema para otro tipo de an\u00e1lisis.<\/p>\n<p>Ecuador es extra\u00f1o; porque mientras tenemos cuatro regiones, las discusiones siempre se enfocan en dos de ellas, parece una mala broma llamar megadiverso a un territorio copado de intolerancia y quemeimportismo. Nuestra tierra es un lugar MUY extra\u00f1o; est\u00e1 llena de personas muy diferentes entre s\u00ed, pero tan similares a la vez. &#8211; \u00bfpor qu\u00e9? \u00ad- te podr\u00edas preguntar. Porque a\u00fan con aspectos diferentes, dialectos diferentes o costumbres diferentes, todos o al menos la gran mayor\u00eda se mueven por lo mismo, <strong>el miedo<\/strong>. El miedo, ese sentimiento que de ni\u00f1os nos imped\u00eda movernos frente a una cer\u00e1mica rota por una travesura mal ejecutada en casa de la abuela; ese miedo, que recorre la nuca cuando ve\u00edas tu primera \u201cmala nota\u201d; aquel miedo, que sentiste la primera vez que declaraste tu amor a alguien sin saber qu\u00e9 respuesta te dar\u00eda; miedo, que te persigue cada vez que te acercas a lo desconocido; y ese miedo, que te recuerda los peores momentos por los que hayas tenido que pasar.<\/p>\n<p>Ahora bien, \u00bfpor qu\u00e9 es necesario hablar del miedo?, cuando hablamos de lo extra\u00f1o que es Ecuador tenemos que reconocer su actualidad. Un lugar que a pesar del tiempo parece no aprender de sus errores, pues si vemos al Ecuador de <em><u>hoy<\/u><\/em> estaremos frente a un lugar que vota visceralmente, repudiando el pasado que aterr\u00f3 a muchas familias y cobr\u00f3 la \u201cpaz\u201d (inexistente en nuestra historia).<\/p>\n<p>Porque los ecuatorianos hicimos uso de nuestro leg\u00edtimo y constitucionalmente reconocido <em>derecho a elegir nuestros representantes<\/em>, no pensando en qui\u00e9n ser\u00eda el mejor para el puesto, sino qui\u00e9n era capaz de derrotar al pasado, decisi\u00f3n que para entenderse necesitar\u00eda un cuadro de \u201cargumente su respuesta\u201d junto a los presidenciables en las papeletas.<\/p>\n<p>Efectivamente se contaron los votos y se \u201cderrot\u00f3\u201d al pasado, que hac\u00eda recorrer miedo por la nuca de todos quienes ten\u00edan memoria y uso de raz\u00f3n por la llamada \u201cd\u00e9cada\u201d ganada o perdida seg\u00fan a qui\u00e9n se pregunte. Pero la derrota del pasado, extra\u00f1amente, nos record\u00f3 mucho a este. Por eso cuando digo que Ecuador es un lugar extra\u00f1o, porque con todas las discusiones y diferencias que tenemos sus habitantes, seguimos movi\u00e9ndonos por el mismo sentimiento que desemboca en diferentes personas con mismos planes y acciones, volviendo as\u00ed aquel sentimiento que decimos repudiar pero tanto parecemos buscar.<\/p>\n<p>El miedo de vivir aquel pasado terror\u00edfico; cuando no pod\u00edas opinar, cuando te ment\u00edan cada s\u00e1bado, cuando las leyes se hac\u00edan y deshac\u00edan a conveniencia de uno, cuando desaparec\u00eda y mor\u00eda gente sin raz\u00f3n, cuando respond\u00edamos a intereses ajenos y un largo etc\u00e9tera\u2026 pero \u00bfno es esto algo que suena parecido a las noticias de hoy?<\/p>\n<p>El \u201cpasado terror\u00edfico\u201d y el <strong>hoy brillante<\/strong> de nuestra extra\u00f1a tierra resultan muy similares; ten\u00edamos sabatinas y ahora TikToks diarios, tuvimos y tenemos una profunda reorganizaci\u00f3n del Estado, tuvimos y tenemos alguien que ha concentrado el poder econ\u00f3mico, pol\u00edtico y social, ten\u00edamos mentiras diarias con presupuestos inflados y tenemos mentiras diarias con mejor\u00edas invisibles, ten\u00edamos discursos que culpaban al pasado por destruir el bolsillo de los ecuatorianos y tenemos discursos\u2026 que dicen poco o m\u00e1s de lo mismo, entonces\u2026 si el pasado era tan terror\u00edfico, \u00bfpor qu\u00e9 buscamos que se repita?<\/p>\n<p>Tal vez y solo tal vez, podr\u00edamos ver un \u201cpasado brillante\u201d frente a un \u201cpresente terror\u00edfico\u201d o un pasado igual de terror\u00edfico que el presente o un pasado igual de \u201cbrillante\u201d que nuestro presente, la verdad es que resultan peligrosamente similares el ayer y el hoy, pero esto \u00bfa qu\u00e9 se debe?, la respuesta es f\u00e1cil y la he repetido ya algunas veces, <strong>el miedo.<\/strong><\/p>\n<p>Un sentimiento tan extra\u00f1o, pero tan propio de un pueblo como el nuestro. El miedo de ser llamado \u201cculpable\u201d o \u201ctibio\u201d seg\u00fan el resultado de una decisi\u00f3n que produce y producir\u00e1 efectos en el tiempo, que inclemente con nuestra sociedad nos pasa factura, intereses y nos cobra apuestas por lanzar inconscientes monedas al aire.<\/p>\n<p>Durante mucho tiempo <strong>el miedo<\/strong> ha sido el gestor, escritor y presentador de la agenda nacional. Un libreto que nos permitimos aceptar y replicar cada elecci\u00f3n seccional o nacional; pensar\u00eda cualquiera que, si no son las mismas personas en el poder, entonces sus motivos y acciones ser\u00edan diferentes, pero no cambiar\u00e1 el proceder de quienes ejercen el poder mientras los electores no cambien su motivaci\u00f3n.<\/p>\n<p>Mientras <strong>el miedo<\/strong> siga siendo nuestro com\u00fan denominador no habr\u00e1 diferencia, cambio o transformaci\u00f3n en nuestra realidad, pues no es que Ecuador sea extra\u00f1o solo que hemos normalizado el dolor y la autoflagelaci\u00f3n transformando en algo com\u00fan lo que nunca debi\u00f3 ser el Estado. Sin embargo, corresponde a todos; t\u00fa, el, ella, yo y recae en nosotros afrontar ese miedo al pasado para cambiar nuestro presente y permitirnos ver al futuro, puede que Ecuador no sea un lugar extra\u00f1o sino uno m\u00e1s del mont\u00f3n de Estados latinoamericanos sumidos en el autoritarismo, pero no tiene por qu\u00e9 ser as\u00ed eternamente, dejemos de ser complacientes, dejemos el \u201cvoto \u00fatil\u201d, dejemos de culpar al de lado y dejemos de agachar la cabeza frente a los que ostentan el poder pues ellos ser\u00e1n mandatarios pero el pueblo es el mandante. Un pueblo sin miedo tal vez sea imposible de conseguir, pero un pueblo valiente siempre lo hemos sido aunque algunos lo hayan olvidado.<\/p>\n<span class=\"et_bloom_bottom_trigger\"><\/span>","protected":false},"excerpt":{"rendered":"<p>Ecuador es un lugar extra\u00f1o Cuando pensamos en lo raro, en lo extra\u00f1o, lo inusual o peculiar; naturalmente pueden venir ejemplos de lo bueno y de lo malo: lugares bellos pero vac\u00edos; animales majestuosos pero venenosos; personas libres, pero sin educaci\u00f3n. Pero ubiqu\u00e9monos en Ecuador, \u00bfpor qu\u00e9 es extra\u00f1o? Un lugar\u2026 donde mientras m\u00e1s poder [&hellip;]<\/p>\n","protected":false},"author":90,"featured_media":0,"template":"","class_list":["post-2054","editoriales","type-editoriales","status-publish","hentry"],"pp_statuses_selecting_workflow":false,"pp_workflow_action":"current","pp_status_selection":"publish","acf":[],"yoast_head":"<!-- This site is optimized with the Yoast SEO plugin v27.5 - https:\/\/yoast.com\/product\/yoast-seo-wordpress\/ -->\n<title>Ecuador es un lugar extra\u00f1o - Polis Ecuador<\/title>\n<meta name=\"robots\" content=\"index, follow, max-snippet:-1, max-image-preview:large, max-video-preview:-1\" \/>\n<link rel=\"canonical\" href=\"https:\/\/polisecuador.org\/en\/editoriales\/ecuador-es-un-lugar-extrano\/\" \/>\n<meta property=\"og:locale\" content=\"en_US\" \/>\n<meta property=\"og:type\" content=\"article\" \/>\n<meta property=\"og:title\" content=\"Ecuador es un lugar extra\u00f1o - Polis Ecuador\" \/>\n<meta property=\"og:description\" content=\"Ecuador es un lugar extra\u00f1o Cuando pensamos en lo raro, en lo extra\u00f1o, lo inusual o peculiar; naturalmente pueden venir ejemplos de lo bueno y de lo malo: lugares bellos pero vac\u00edos; animales majestuosos pero venenosos; personas libres, pero sin educaci\u00f3n. Pero ubiqu\u00e9monos en Ecuador, \u00bfpor qu\u00e9 es extra\u00f1o? Un lugar\u2026 donde mientras m\u00e1s poder [&hellip;]\" \/>\n<meta property=\"og:url\" content=\"https:\/\/polisecuador.org\/en\/editoriales\/ecuador-es-un-lugar-extrano\/\" \/>\n<meta property=\"og:site_name\" content=\"Polis Ecuador\" \/>\n<meta property=\"article:publisher\" content=\"https:\/\/www.facebook.com\/polisecuador\" \/>\n<meta property=\"article:modified_time\" content=\"2025-09-01T17:19:39+00:00\" \/>\n<meta property=\"og:image\" content=\"https:\/\/polisecuador.org\/wp-content\/uploads\/2024\/05\/Sin-titulo-2.png\" \/>\n\t<meta property=\"og:image:width\" content=\"1500\" \/>\n\t<meta property=\"og:image:height\" content=\"500\" \/>\n\t<meta property=\"og:image:type\" content=\"image\/png\" \/>\n<meta name=\"twitter:card\" content=\"summary_large_image\" \/>\n<meta name=\"twitter:site\" content=\"@polisecuador\" \/>\n<meta name=\"twitter:label1\" content=\"Est. reading time\" \/>\n\t<meta name=\"twitter:data1\" content=\"5 minutes\" \/>\n<script type=\"application\/ld+json\" class=\"yoast-schema-graph\">{\"@context\":\"https:\\\/\\\/schema.org\",\"@graph\":[{\"@type\":\"WebPage\",\"@id\":\"https:\\\/\\\/polisecuador.org\\\/editoriales\\\/ecuador-es-un-lugar-extrano\\\/\",\"url\":\"https:\\\/\\\/polisecuador.org\\\/editoriales\\\/ecuador-es-un-lugar-extrano\\\/\",\"name\":\"Ecuador es un lugar extra\u00f1o - Polis Ecuador\",\"isPartOf\":{\"@id\":\"https:\\\/\\\/polisecuador.org\\\/#website\"},\"datePublished\":\"2025-08-18T03:06:01+00:00\",\"dateModified\":\"2025-09-01T17:19:39+00:00\",\"breadcrumb\":{\"@id\":\"https:\\\/\\\/polisecuador.org\\\/editoriales\\\/ecuador-es-un-lugar-extrano\\\/#breadcrumb\"},\"inLanguage\":\"en-US\",\"potentialAction\":[{\"@type\":\"ReadAction\",\"target\":[\"https:\\\/\\\/polisecuador.org\\\/editoriales\\\/ecuador-es-un-lugar-extrano\\\/\"]}]},{\"@type\":\"BreadcrumbList\",\"@id\":\"https:\\\/\\\/polisecuador.org\\\/editoriales\\\/ecuador-es-un-lugar-extrano\\\/#breadcrumb\",\"itemListElement\":[{\"@type\":\"ListItem\",\"position\":1,\"name\":\"Portada\",\"item\":\"https:\\\/\\\/polisecuador.org\\\/\"},{\"@type\":\"ListItem\",\"position\":2,\"name\":\"Ecuador es un lugar extra\u00f1o\"}]},{\"@type\":\"WebSite\",\"@id\":\"https:\\\/\\\/polisecuador.org\\\/#website\",\"url\":\"https:\\\/\\\/polisecuador.org\\\/\",\"name\":\"Polis Ecuador\",\"description\":\"Academia de Formaci\u00f3n Pol\u00edtica\",\"publisher\":{\"@id\":\"https:\\\/\\\/polisecuador.org\\\/#organization\"},\"potentialAction\":[{\"@type\":\"SearchAction\",\"target\":{\"@type\":\"EntryPoint\",\"urlTemplate\":\"https:\\\/\\\/polisecuador.org\\\/?s={search_term_string}\"},\"query-input\":{\"@type\":\"PropertyValueSpecification\",\"valueRequired\":true,\"valueName\":\"search_term_string\"}}],\"inLanguage\":\"en-US\"},{\"@type\":\"Organization\",\"@id\":\"https:\\\/\\\/polisecuador.org\\\/#organization\",\"name\":\"Polis Ecuador\",\"url\":\"https:\\\/\\\/polisecuador.org\\\/\",\"logo\":{\"@type\":\"ImageObject\",\"inLanguage\":\"en-US\",\"@id\":\"https:\\\/\\\/polisecuador.org\\\/#\\\/schema\\\/logo\\\/image\\\/\",\"url\":\"https:\\\/\\\/polisecuador.org\\\/wp-content\\\/uploads\\\/2023\\\/04\\\/polis-web.svg\",\"contentUrl\":\"https:\\\/\\\/polisecuador.org\\\/wp-content\\\/uploads\\\/2023\\\/04\\\/polis-web.svg\",\"width\":1391.69000000000005456968210637569427490234375,\"height\":754.1299999999999954525264911353588104248046875,\"caption\":\"Polis Ecuador\"},\"image\":{\"@id\":\"https:\\\/\\\/polisecuador.org\\\/#\\\/schema\\\/logo\\\/image\\\/\"},\"sameAs\":[\"https:\\\/\\\/www.facebook.com\\\/polisecuador\",\"https:\\\/\\\/x.com\\\/polisecuador\"]}]}<\/script>\n<!-- \/ Yoast SEO plugin. -->","yoast_head_json":{"title":"Ecuador es un lugar extra\u00f1o - Polis Ecuador","robots":{"index":"index","follow":"follow","max-snippet":"max-snippet:-1","max-image-preview":"max-image-preview:large","max-video-preview":"max-video-preview:-1"},"canonical":"https:\/\/polisecuador.org\/en\/editoriales\/ecuador-es-un-lugar-extrano\/","og_locale":"en_US","og_type":"article","og_title":"Ecuador es un lugar extra\u00f1o - Polis Ecuador","og_description":"Ecuador es un lugar extra\u00f1o Cuando pensamos en lo raro, en lo extra\u00f1o, lo inusual o peculiar; naturalmente pueden venir ejemplos de lo bueno y de lo malo: lugares bellos pero vac\u00edos; animales majestuosos pero venenosos; personas libres, pero sin educaci\u00f3n. Pero ubiqu\u00e9monos en Ecuador, \u00bfpor qu\u00e9 es extra\u00f1o? Un lugar\u2026 donde mientras m\u00e1s poder [&hellip;]","og_url":"https:\/\/polisecuador.org\/en\/editoriales\/ecuador-es-un-lugar-extrano\/","og_site_name":"Polis Ecuador","article_publisher":"https:\/\/www.facebook.com\/polisecuador","article_modified_time":"2025-09-01T17:19:39+00:00","og_image":[{"width":1500,"height":500,"url":"https:\/\/polisecuador.org\/wp-content\/uploads\/2024\/05\/Sin-titulo-2.png","type":"image\/png"}],"twitter_card":"summary_large_image","twitter_site":"@polisecuador","twitter_misc":{"Est. reading time":"5 minutes"},"schema":{"@context":"https:\/\/schema.org","@graph":[{"@type":"WebPage","@id":"https:\/\/polisecuador.org\/editoriales\/ecuador-es-un-lugar-extrano\/","url":"https:\/\/polisecuador.org\/editoriales\/ecuador-es-un-lugar-extrano\/","name":"Ecuador es un lugar extra\u00f1o - Polis Ecuador","isPartOf":{"@id":"https:\/\/polisecuador.org\/#website"},"datePublished":"2025-08-18T03:06:01+00:00","dateModified":"2025-09-01T17:19:39+00:00","breadcrumb":{"@id":"https:\/\/polisecuador.org\/editoriales\/ecuador-es-un-lugar-extrano\/#breadcrumb"},"inLanguage":"en-US","potentialAction":[{"@type":"ReadAction","target":["https:\/\/polisecuador.org\/editoriales\/ecuador-es-un-lugar-extrano\/"]}]},{"@type":"BreadcrumbList","@id":"https:\/\/polisecuador.org\/editoriales\/ecuador-es-un-lugar-extrano\/#breadcrumb","itemListElement":[{"@type":"ListItem","position":1,"name":"Portada","item":"https:\/\/polisecuador.org\/"},{"@type":"ListItem","position":2,"name":"Ecuador es un lugar extra\u00f1o"}]},{"@type":"WebSite","@id":"https:\/\/polisecuador.org\/#website","url":"https:\/\/polisecuador.org\/","name":"Polis Ecuador","description":"Academia de Formaci\u00f3n Pol\u00edtica","publisher":{"@id":"https:\/\/polisecuador.org\/#organization"},"potentialAction":[{"@type":"SearchAction","target":{"@type":"EntryPoint","urlTemplate":"https:\/\/polisecuador.org\/?s={search_term_string}"},"query-input":{"@type":"PropertyValueSpecification","valueRequired":true,"valueName":"search_term_string"}}],"inLanguage":"en-US"},{"@type":"Organization","@id":"https:\/\/polisecuador.org\/#organization","name":"Polis Ecuador","url":"https:\/\/polisecuador.org\/","logo":{"@type":"ImageObject","inLanguage":"en-US","@id":"https:\/\/polisecuador.org\/#\/schema\/logo\/image\/","url":"https:\/\/polisecuador.org\/wp-content\/uploads\/2023\/04\/polis-web.svg","contentUrl":"https:\/\/polisecuador.org\/wp-content\/uploads\/2023\/04\/polis-web.svg","width":1391.69000000000005456968210637569427490234375,"height":754.1299999999999954525264911353588104248046875,"caption":"Polis Ecuador"},"image":{"@id":"https:\/\/polisecuador.org\/#\/schema\/logo\/image\/"},"sameAs":["https:\/\/www.facebook.com\/polisecuador","https:\/\/x.com\/polisecuador"]}]}},"_links":{"self":[{"href":"https:\/\/polisecuador.org\/en\/wp-json\/wp\/v2\/editoriales\/2054","targetHints":{"allow":["GET"]}}],"collection":[{"href":"https:\/\/polisecuador.org\/en\/wp-json\/wp\/v2\/editoriales"}],"about":[{"href":"https:\/\/polisecuador.org\/en\/wp-json\/wp\/v2\/types\/editoriales"}],"author":[{"embeddable":true,"href":"https:\/\/polisecuador.org\/en\/wp-json\/wp\/v2\/users\/90"}],"wp:attachment":[{"href":"https:\/\/polisecuador.org\/en\/wp-json\/wp\/v2\/media?parent=2054"}],"curies":[{"name":"wp","href":"https:\/\/api.w.org\/{rel}","templated":true}]}}