{"id":217,"date":"2023-06-12T08:47:29","date_gmt":"2023-06-12T08:47:29","guid":{"rendered":"https:\/\/polisecuador.org\/?page_id=217"},"modified":"2026-03-21T09:25:28","modified_gmt":"2026-03-21T09:25:28","slug":"jeremias-tama-espinoza","status":"publish","type":"page","link":"https:\/\/polisecuador.org\/en\/equipo\/jeremias-tama-espinoza\/","title":{"rendered":"Jerem\u00edas Tama Espinoza"},"content":{"rendered":"<p>[et_pb_section fb_built=\u00bb1&#8243; _builder_version=\u00bb4.27.4&#8243; _module_preset=\u00bbdefault\u00bb hover_enabled=\u00bb0&#8243; da_disable_devices=\u00bboff|off|off\u00bb global_colors_info=\u00bb{}\u00bb disabled_on=\u00bbon|on|on\u00bb disabled=\u00bbon\u00bb sticky_enabled=\u00bb0&#8243; da_is_popup=\u00bboff\u00bb da_exit_intent=\u00bboff\u00bb da_has_close=\u00bbon\u00bb da_alt_close=\u00bboff\u00bb da_dark_close=\u00bboff\u00bb da_not_modal=\u00bbon\u00bb da_is_singular=\u00bboff\u00bb da_with_loader=\u00bboff\u00bb da_has_shadow=\u00bbon\u00bb][et_pb_row column_structure=\u00bb2_5,3_5&#8243; _builder_version=\u00bb4.20.4&#8243; _module_preset=\u00bbdefault\u00bb min_height=\u00bb525px\u00bb global_colors_info=\u00bb{}\u00bb][et_pb_column type=\u00bb2_5&#8243; _builder_version=\u00bb4.20.4&#8243; _module_preset=\u00bbdefault\u00bb global_colors_info=\u00bb{}\u00bb][et_pb_image src=\u00bbhttps:\/\/polisecuador.org\/wp-content\/uploads\/2024\/05\/Captura-de-Pantalla-2024-05-20-a-las-16.33.20.png\u00bb title_text=\u00bbCaptura de Pantalla 2024-05-20 a la(s) 16.33.20&#8243; align=\u00bbcenter\u00bb _builder_version=\u00bb4.27.0&#8243; _module_preset=\u00bbdefault\u00bb background_image=\u00bbhttps:\/\/polisecuador.org\/wp-content\/uploads\/2023\/06\/Sin-titulo-8.jpg\u00bb width=\u00bb410px\u00bb width_tablet=\u00bb410px\u00bb width_phone=\u00bb264px\u00bb width_last_edited=\u00bbon|phone\u00bb module_alignment=\u00bbcenter\u00bb custom_margin=\u00bb0px|1px||0px|false|false\u00bb custom_padding=\u00bb0px|1px|0px||false|false\u00bb border_radii=\u00bbon|9px|9px|9px|9px\u00bb global_colors_info=\u00bb{}\u00bb][\/et_pb_image][\/et_pb_column][et_pb_column type=\u00bb3_5&#8243; _builder_version=\u00bb4.20.4&#8243; _module_preset=\u00bbdefault\u00bb global_colors_info=\u00bb{}\u00bb][et_pb_text _builder_version=\u00bb4.27.4&#8243; _module_preset=\u00bbdefault\u00bb text_font=\u00bbMontserrat|500|||||||\u00bb text_text_color=\u00bb#000000&#8243; text_font_size=\u00bb32px\u00bb text_font_size_tablet=\u00bb40px\u00bb text_font_size_phone=\u00bb29px\u00bb text_font_size_last_edited=\u00bbon|phone\u00bb text_orientation_tablet=\u00bb\u00bb text_orientation_phone=\u00bbcenter\u00bb text_orientation_last_edited=\u00bbon|phone\u00bb global_colors_info=\u00bb{}\u00bb]Jerem\u00edas Tama Espinoza[\/et_pb_text][et_pb_text _builder_version=\u00bb4.27.0&#8243; _module_preset=\u00bbdefault\u00bb text_font=\u00bbABeeZee||||||||\u00bb text_text_color=\u00bbrgba(0,0,0,0.48)\u00bb text_font_size=\u00bb22px\u00bb text_font_size_tablet=\u00bb22px\u00bb text_font_size_phone=\u00bb16px\u00bb text_font_size_last_edited=\u00bbon|phone\u00bb text_orientation_tablet=\u00bb\u00bb text_orientation_phone=\u00bbcenter\u00bb text_orientation_last_edited=\u00bbon|phone\u00bb global_colors_info=\u00bb{}\u00bb]Director General de POLIS[\/et_pb_text][et_pb_divider divider_weight=\u00bb4px\u00bb _builder_version=\u00bb4.20.4&#8243; _module_preset=\u00bbdefault\u00bb min_height=\u00bb5px\u00bb custom_margin=\u00bb||8px|||\u00bb global_colors_info=\u00bb{}\u00bb][\/et_pb_divider][et_pb_text _builder_version=\u00bb4.27.4&#8243; _module_preset=\u00bbdefault\u00bb text_font=\u00bb||||||||\u00bb custom_padding=\u00bb0px|||||\u00bb global_colors_info=\u00bb{}\u00bb]Tiene un Diploma en Filosofia, Pol\u00edtica y Econom\u00eda por la Universidad de las Am\u00e9ricas con el aval acad\u00e9mico de PENN University. Diploma en Gobernanza Estrat\u00e9gica por la Universidad Iberoamericana de M\u00e9xico. Miembro m\u00e1s joven del Programa Ejecutivo en Big Data y Analysis de la Universidad de Palermo en Argentina (2022-2023). Estudiante de Derecho en la Universidad del Azuay. Estudiante de Ciencias Pol\u00edticas y de la Administraci\u00f3n en la Universitat Oberta de Catalunya. Ha dado charlas sobre el funcionamiento de las Organizaciones de la Sociedad Civil, la Teor\u00eda del Estado, Activismo y Pol\u00edtica en J\u00f3venes. Ha publicado art\u00edculos sobre la comprensi\u00f3n del electorado juvenil en la Revista Ecuatoriana de Ciencia Pol\u00edtica. Director General y Miembro Fundador de Polis.[\/et_pb_text][et_pb_button button_url=\u00bbmailto:jtama@polisecuador.org\u00bb button_text=\u00bbjtama@polisecuador.org\u00bb button_alignment=\u00bbleft\u00bb _builder_version=\u00bb4.20.4&#8243; _module_preset=\u00bbdefault\u00bb custom_button=\u00bbon\u00bb button_text_size=\u00bb14px\u00bb button_text_color=\u00bbrgba(0,0,0,0.82)\u00bb button_border_width=\u00bb0px\u00bb button_icon=\u00bb&#xe010;||divi||400&#8243; button_icon_color=\u00bb#000000&#8243; button_icon_placement=\u00bbleft\u00bb button_on_hover=\u00bboff\u00bb custom_padding=\u00bb|||16px||\u00bb global_colors_info=\u00bb{}\u00bb][\/et_pb_button][et_pb_social_media_follow _builder_version=\u00bb4.20.4&#8243; _module_preset=\u00bbdefault\u00bb custom_margin=\u00bb-14px|||||\u00bb global_colors_info=\u00bb{}\u00bb][et_pb_social_media_follow_network social_network=\u00bbtwitter\u00bb url=\u00bbhttps:\/\/twitter.com\/jeremias_tama\u00bb _builder_version=\u00bb4.22.2&#8243; _module_preset=\u00bbdefault\u00bb background_color=\u00bb#000000&#8243; global_colors_info=\u00bb{}\u00bb follow_button=\u00bboff\u00bb url_new_window=\u00bbon\u00bb]twitter[\/et_pb_social_media_follow_network][et_pb_social_media_follow_network social_network=\u00bblinkedin\u00bb url=\u00bbhttps:\/\/www.linkedin.com\/in\/jerem%C3%ADas-tama-515771260\/?originalSubdomain=ec\u00bb _builder_version=\u00bb4.20.4&#8243; _module_preset=\u00bbdefault\u00bb background_color=\u00bb#007bb6&#8243; global_colors_info=\u00bb{}\u00bb follow_button=\u00bboff\u00bb url_new_window=\u00bbon\u00bb]linkedin[\/et_pb_social_media_follow_network][\/et_pb_social_media_follow][\/et_pb_column][\/et_pb_row][\/et_pb_section][et_pb_section fb_built=\u00bb1&#8243; fullwidth=\u00bbon\u00bb theme_builder_area=\u00bbpost_content\u00bb _builder_version=\u00bb4.27.4&#8243; _module_preset=\u00bbdefault\u00bb da_is_popup=\u00bboff\u00bb da_exit_intent=\u00bboff\u00bb da_has_close=\u00bbon\u00bb da_alt_close=\u00bboff\u00bb da_dark_close=\u00bboff\u00bb da_not_modal=\u00bbon\u00bb da_is_singular=\u00bboff\u00bb da_with_loader=\u00bboff\u00bb da_has_shadow=\u00bbon\u00bb da_disable_devices=\u00bboff|off|off\u00bb][et_pb_fullwidth_code _builder_version=\u00bb4.27.4&#8243; _module_preset=\u00bbdefault\u00bb theme_builder_area=\u00bbpost_content\u00bb hover_enabled=\u00bb0&#8243; sticky_enabled=\u00bb0&#8243;]<!-- POLIS \u2014 P\u00e1gina Director General: Jerem\u00edas Tama Espinoza<!-- [et_pb_line_break_holder] -->     Pegar en m\u00f3dulo Code de Divi<!-- [et_pb_line_break_holder] -->     Secci\u00f3n Full Width, padding 0 en secci\u00f3n, fila y m\u00f3dulo &#8211;><!-- [et_pb_line_break_holder] --><!-- [et_pb_line_break_holder] --><\/p>\n<style><!-- [et_pb_line_break_holder] -->@import url('https:\/\/fonts.googleapis.com\/css2?family=DM+Serif+Display:ital@0;1&family=Montserrat:wght@300;400;500;600;700&display=swap');<!-- [et_pb_line_break_holder] -->.pd-wrap *{margin:0;padding:0;box-sizing:border-box}<!-- [et_pb_line_break_holder] -->.pd-wrap{font-family:'Montserrat',sans-serif;background:#fff;width:100%}<!-- [et_pb_line_break_holder] -->.pd-wrap a{text-decoration:none !important}<!-- [et_pb_line_break_holder] -->.pd-hero{background:#1a0a2e;min-height:72vh;display:grid;grid-template-columns:1fr 1fr;position:relative;overflow:hidden}<!-- [et_pb_line_break_holder] -->.pd-hero::before{content:'';position:absolute;width:600px;height:600px;border-radius:50%;background:radial-gradient(circle,#371464,transparent 70%);top:-150px;right:-100px;opacity:.8}<!-- [et_pb_line_break_holder] -->.pd-hero::after{content:'';position:absolute;inset:0;background:repeating-linear-gradient(-55deg,transparent,transparent 80px,rgba(168,228,77,.012) 80px,rgba(168,228,77,.012) 81px);pointer-events:none}<!-- [et_pb_line_break_holder] -->.pd-photo-wrap{position:relative;z-index:2;overflow:hidden}<!-- [et_pb_line_break_holder] -->.pd-photo{width:100%;height:100%;object-fit:cover;object-position:top center;display:block;filter:grayscale(15%)}<!-- [et_pb_line_break_holder] -->.pd-photo-overlay{position:absolute;inset:0;background:linear-gradient(to right,transparent 60%,#1a0a2e 100%)}<!-- [et_pb_line_break_holder] -->.pd-info{position:relative;z-index:2;padding:72px 72px 72px 48px;display:flex;flex-direction:column;justify-content:flex-end}<!-- [et_pb_line_break_holder] -->.pd-role-tag{display:inline-flex;align-items:center;gap:10px;margin-bottom:20px}<!-- [et_pb_line_break_holder] -->.pd-role-line{width:24px;height:2px;background:#A8E44D}<!-- [et_pb_line_break_holder] -->.pd-role-text{font-size:10px;font-weight:700;letter-spacing:4px;text-transform:uppercase;color:#A8E44D}<!-- [et_pb_line_break_holder] -->.pd-name{font-family:'DM Serif Display',serif;font-size:56px;line-height:.95;color:#fff;letter-spacing:-2px;margin-bottom:12px}<!-- [et_pb_line_break_holder] -->.pd-name em{color:#A8E44D;font-style:italic;display:block}<!-- [et_pb_line_break_holder] -->.pd-title{font-size:14px;font-weight:300;color:rgba(255,255,255,.5);letter-spacing:2px;text-transform:uppercase;margin-bottom:32px}<!-- [et_pb_line_break_holder] -->.pd-email{font-size:12px;font-weight:300;color:rgba(255,255,255,.4);margin-bottom:16px;display:flex;align-items:center;gap:8px}<!-- [et_pb_line_break_holder] -->.pd-social{display:flex;gap:10px}<!-- [et_pb_line_break_holder] -->.pd-social-link{width:36px;height:36px;border:1px solid rgba(255,255,255,.15);border-radius:50%;display:flex;align-items:center;justify-content:center;text-decoration:none !important;transition:border-color .2s,background .2s}<!-- [et_pb_line_break_holder] -->.pd-social-link:hover{border-color:#A8E44D;background:rgba(168,228,77,.1)}<!-- [et_pb_line_break_holder] -->.pd-body{padding:80px 72px;display:grid;grid-template-columns:1fr 1fr;gap:80px;width:100%}<!-- [et_pb_line_break_holder] -->.pd-bio-ey{font-size:10px;font-weight:700;letter-spacing:4px;text-transform:uppercase;color:#6827BA;margin-bottom:16px;display:flex;align-items:center;gap:12px}<!-- [et_pb_line_break_holder] -->.pd-bio-ey::before{content:'';width:24px;height:2px;background:#6827BA}<!-- [et_pb_line_break_holder] -->.pd-bio-ttl{font-family:'DM Serif Display',serif;font-size:32px;color:#1a0a2e;line-height:1.1;margin-bottom:24px}<!-- [et_pb_line_break_holder] -->.pd-bio-text{font-size:14px;font-weight:300;color:#666;line-height:1.95}<!-- [et_pb_line_break_holder] -->.pd-acad-ey{font-size:10px;font-weight:700;letter-spacing:4px;text-transform:uppercase;color:#6827BA;margin-bottom:20px;display:flex;align-items:center;gap:12px}<!-- [et_pb_line_break_holder] -->.pd-acad-ey::before{content:'';width:24px;height:2px;background:#6827BA}<!-- [et_pb_line_break_holder] -->.pd-acad-items{display:flex;flex-direction:column;gap:0}<!-- [et_pb_line_break_holder] -->.pd-acad-item{padding:18px 0;border-bottom:1px solid rgba(104,39,186,.08);display:grid;grid-template-columns:36px 1fr;gap:12px;align-items:start}<!-- [et_pb_line_break_holder] -->.pd-acad-item:last-child{border-bottom:none;padding-bottom:0}<!-- [et_pb_line_break_holder] -->.pd-acad-num{font-family:'DM Serif Display',serif;font-size:18px;color:#A8E44D;line-height:1;margin-top:2px}<!-- [et_pb_line_break_holder] -->.pd-acad-title{font-size:13px;font-weight:600;color:#1a0a2e;margin-bottom:3px;line-height:1.3}<!-- [et_pb_line_break_holder] -->.pd-acad-inst{font-size:11px;font-weight:300;color:#aaa}<!-- [et_pb_line_break_holder] -->.pd-cta{background:#f7f5fb;padding:56px 72px;display:flex;align-items:center;justify-content:space-between;gap:40px}<!-- [et_pb_line_break_holder] -->.pd-cta-text{font-family:'DM Serif Display',serif;font-size:26px;color:#1a0a2e;line-height:1.2}<!-- [et_pb_line_break_holder] -->.pd-cta-btn{padding:14px 32px;background:#371464;color:#fff !important;font-family:'Montserrat',sans-serif;font-size:11px;font-weight:700;letter-spacing:2px;text-transform:uppercase;border:none;border-radius:2px;cursor:pointer;text-decoration:none !important;display:inline-block;white-space:nowrap;flex-shrink:0;transition:opacity .2s}<!-- [et_pb_line_break_holder] -->.pd-cta-btn:hover{opacity:.88}<!-- [et_pb_line_break_holder] -->@media(max-width:860px){<!-- [et_pb_line_break_holder] -->  .pd-hero{grid-template-columns:1fr;min-height:auto}<!-- [et_pb_line_break_holder] -->  .pd-photo-wrap{height:400px}<!-- [et_pb_line_break_holder] -->  .pd-info{padding:40px 28px}<!-- [et_pb_line_break_holder] -->  .pd-name{font-size:40px}<!-- [et_pb_line_break_holder] -->  .pd-body{grid-template-columns:1fr;padding:60px 28px;gap:48px}<!-- [et_pb_line_break_holder] -->  .pd-cta{flex-direction:column;align-items:flex-start;padding:48px 28px}<!-- [et_pb_line_break_holder] -->}<!-- [et_pb_line_break_holder] --><\/style>\n<p><!-- [et_pb_line_break_holder] --><!-- [et_pb_line_break_holder] --><\/p>\n<div class=\"pd-wrap\"><!-- [et_pb_line_break_holder] --><!-- [et_pb_line_break_holder] --><\/p>\n<div class=\"pd-hero\"><!-- [et_pb_line_break_holder] -->  <\/p>\n<div class=\"pd-photo-wrap\"><!-- [et_pb_line_break_holder] -->    <img decoding=\"async\" class=\"pd-photo\" src=\"https:\/\/polisecuador.org\/wp-content\/uploads\/2024\/05\/Captura-de-Pantalla-2024-05-20-a-las-16.33.20.png\" alt=\"Jerem&iacute;as Tama Espinoza\"><!-- [et_pb_line_break_holder] -->    <\/p>\n<div class=\"pd-photo-overlay\"><\/div>\n<p><!-- [et_pb_line_break_holder] -->  <\/div>\n<p><!-- [et_pb_line_break_holder] -->  <\/p>\n<div class=\"pd-info\"><!-- [et_pb_line_break_holder] -->    <\/p>\n<div class=\"pd-role-tag\"><!-- [et_pb_line_break_holder] -->      <\/p>\n<div class=\"pd-role-line\"><\/div>\n<p><!-- [et_pb_line_break_holder] -->      <\/p>\n<div class=\"pd-role-text\">Director General<\/div>\n<p><!-- [et_pb_line_break_holder] -->    <\/div>\n<p><!-- [et_pb_line_break_holder] -->    <\/p>\n<h1 class=\"pd-name\">Jerem&iacute;as<!\u2013- [et_pb_br_holder] -\u2013>Tama<!\u2013- [et_pb_br_holder] -\u2013><em>Espinoza<\/em><\/h1>\n<p><!-- [et_pb_line_break_holder] -->    <\/p>\n<div class=\"pd-title\">Cofundador de Polis &middot; 2023<\/div>\n<p><!-- [et_pb_line_break_holder] -->    <\/p>\n<div class=\"pd-email\"><!-- [et_pb_line_break_holder] -->      <svg width=\"14\" height=\"14\" viewBox=\"0 0 24 24\" fill=\"none\" stroke=\"rgba(255,255,255,.4)\" stroke-width=\"1.5\" stroke-linecap=\"round\" stroke-linejoin=\"round\"><path d=\"M4 4h16c1.1 0 2 .9 2 2v12c0 1.1-.9 2-2 2H4c-1.1 0-2-.9-2-2V6c0-1.1.9-2 2-2z\"\/><polyline points=\"22,6 12,13 2,6\"\/><\/svg><!-- [et_pb_line_break_holder] -->      jtama@polisecuador.org<!-- [et_pb_line_break_holder] -->    <\/div>\n<p><!-- [et_pb_line_break_holder] -->    <\/p>\n<div class=\"pd-social\"><!-- [et_pb_line_break_holder] -->      <a href=\"https:\/\/x.com\/jeremias_tama\" class=\"pd-social-link\" target=\"_blank\"><!-- [et_pb_line_break_holder] -->        <svg width=\"14\" height=\"14\" viewBox=\"0 0 24 24\" fill=\"none\" stroke=\"rgba(255,255,255,.6)\" stroke-width=\"2\" stroke-linecap=\"round\" stroke-linejoin=\"round\"><path d=\"M4 4l16 16M4 20L20 4\"\/><\/svg><!-- [et_pb_line_break_holder] -->      <\/a><!-- [et_pb_line_break_holder] -->      <a href=\"https:\/\/www.linkedin.com\/in\/jerem%C3%ADas-tama\" class=\"pd-social-link\" target=\"_blank\"><!-- [et_pb_line_break_holder] -->        <svg width=\"14\" height=\"14\" viewBox=\"0 0 24 24\" fill=\"none\" stroke=\"rgba(255,255,255,.6)\" stroke-width=\"2\" stroke-linecap=\"round\" stroke-linejoin=\"round\"><path d=\"M16 8a6 6 0 0 1 6 6v7h-4v-7a2 2 0 0 0-2-2 2 2 0 0 0-2 2v7h-4v-7a6 6 0 0 1 6-6z\"\/><rect x=\"2\" y=\"9\" width=\"4\" height=\"12\"\/><circle cx=\"4\" cy=\"4\" r=\"2\"\/><\/svg><!-- [et_pb_line_break_holder] -->      <\/a><!-- [et_pb_line_break_holder] -->    <\/div>\n<p><!-- [et_pb_line_break_holder] -->  <\/div>\n<p><!-- [et_pb_line_break_holder] --><\/div>\n<p><!-- [et_pb_line_break_holder] --><!-- [et_pb_line_break_holder] --><\/p>\n<div class=\"pd-body\"><!-- [et_pb_line_break_holder] -->  <\/p>\n<div><!-- [et_pb_line_break_holder] -->    <\/p>\n<div class=\"pd-bio-ey\">Perfil<\/div>\n<p><!-- [et_pb_line_break_holder] -->    <\/p>\n<h2 class=\"pd-bio-ttl\">Director General<!\u2013- [et_pb_br_holder] -\u2013>y Cofundador<\/h2>\n<p><!-- [et_pb_line_break_holder] -->    <pee class=\"pd-bio-text\">Jerem&iacute;as Tama Espinoza es el Director General y Cofundador de Polis Academia de Formaci&oacute;n Pol&iacute;tica. Impuls&oacute; la creaci&oacute;n de la primera academia de formaci&oacute;n pol&iacute;tica permanente del Ecuador en 2023, con vocaci&oacute;n regional y compromiso con las ideas de la libertad.<\/pee><!-- [et_pb_line_break_holder] -->    <pee class=\"pd-bio-text\" style=\"margin-top:16px\">Ha dado charlas sobre el funcionamiento de las Organizaciones de la Sociedad Civil, la Teor&iacute;a del Estado, Activismo y Pol&iacute;tica en J&oacute;venes. Ha publicado art&iacute;culos sobre la comprensi&oacute;n del electorado juvenil en la Revista Ecuatoriana de Ciencia Pol&iacute;tica.<\/pee><!-- [et_pb_line_break_holder] -->  <\/div>\n<p><!-- [et_pb_line_break_holder] -->  <\/p>\n<div><!-- [et_pb_line_break_holder] -->    <\/p>\n<div class=\"pd-acad-ey\">Formaci&oacute;n acad&eacute;mica<\/div>\n<p><!-- [et_pb_line_break_holder] -->    <\/p>\n<div class=\"pd-acad-items\"><!-- [et_pb_line_break_holder] -->      <\/p>\n<div class=\"pd-acad-item\">\n<div class=\"pd-acad-num\">01<\/div>\n<div>\n<div class=\"pd-acad-title\">Diploma en Filosof&iacute;a, Pol&iacute;tica y Econom&iacute;a<\/div>\n<div class=\"pd-acad-inst\">Universidad de las Am&eacute;ricas &middot; Aval acad&eacute;mico PENN University<\/div>\n<\/div>\n<\/div>\n<p><!-- [et_pb_line_break_holder] -->      <\/p>\n<div class=\"pd-acad-item\">\n<div class=\"pd-acad-num\">02<\/div>\n<div>\n<div class=\"pd-acad-title\">Diploma en Gobernanza Estrat&eacute;gica<\/div>\n<div class=\"pd-acad-inst\">Universidad Iberoamericana de M&eacute;xico<\/div>\n<\/div>\n<\/div>\n<p><!-- [et_pb_line_break_holder] -->      <\/p>\n<div class=\"pd-acad-item\">\n<div class=\"pd-acad-num\">03<\/div>\n<div>\n<div class=\"pd-acad-title\">Programa Ejecutivo en Big Data y Analysis<\/div>\n<div class=\"pd-acad-inst\">Universidad de Palermo, Argentina &middot; 2022&ndash;2023<\/div>\n<\/div>\n<\/div>\n<p><!-- [et_pb_line_break_holder] -->      <\/p>\n<div class=\"pd-acad-item\">\n<div class=\"pd-acad-num\">04<\/div>\n<div>\n<div class=\"pd-acad-title\">Derecho (en curso)<\/div>\n<div class=\"pd-acad-inst\">Universidad del Azuay<\/div>\n<\/div>\n<\/div>\n<p><!-- [et_pb_line_break_holder] -->      <\/p>\n<div class=\"pd-acad-item\">\n<div class=\"pd-acad-num\">05<\/div>\n<div>\n<div class=\"pd-acad-title\">Ciencias Pol&iacute;ticas y de la Administraci&oacute;n (en curso)<\/div>\n<div class=\"pd-acad-inst\">Universitat Oberta de Catalunya<\/div>\n<\/div>\n<\/div>\n<p><!-- [et_pb_line_break_holder] -->    <\/div>\n<p><!-- [et_pb_line_break_holder] -->  <\/div>\n<p><!-- [et_pb_line_break_holder] --><\/div>\n<p><!-- [et_pb_line_break_holder] --><!-- [et_pb_line_break_holder] --><\/p>\n<div class=\"pd-cta\"><!-- [et_pb_line_break_holder] -->  <\/p>\n<div class=\"pd-cta-text\">Conoce al resto<!\u2013- [et_pb_br_holder] -\u2013>del equipo de Polis<\/div>\n<p><!-- [et_pb_line_break_holder] -->  <a href=\"\/equipo\" class=\"pd-cta-btn\">Ver todo el equipo &rarr;<\/a><!-- [et_pb_line_break_holder] --><\/div>\n<p><!-- [et_pb_line_break_holder] --><!-- [et_pb_line_break_holder] --><\/div>\n<p>[\/et_pb_fullwidth_code][\/et_pb_section]<\/p>\n<span class=\"et_bloom_bottom_trigger\"><\/span>","protected":false},"excerpt":{"rendered":"<p>Jerem\u00edas Tama EspinozaDirector General de POLISTiene un Diploma en Filosofia, Pol\u00edtica y Econom\u00eda por la Universidad de las Am\u00e9ricas con el aval acad\u00e9mico de PENN University. Diploma en Gobernanza Estrat\u00e9gica por la Universidad Iberoamericana de M\u00e9xico. Miembro m\u00e1s joven del Programa Ejecutivo en Big Data y Analysis de la Universidad de Palermo en Argentina (2022-2023). [&hellip;]<\/p>\n","protected":false},"author":1,"featured_media":324,"parent":228,"menu_order":0,"comment_status":"closed","ping_status":"closed","template":"","meta":{"_acf_changed":false,"_et_pb_use_builder":"on","_et_pb_old_content":"","_et_gb_content_width":"","footnotes":""},"class_list":["post-217","page","type-page","status-publish","has-post-thumbnail","hentry"],"pp_statuses_selecting_workflow":false,"pp_workflow_action":"current","pp_status_selection":"publish","acf":[],"yoast_head":"<!-- This site is optimized with the Yoast SEO plugin v27.5 - https:\/\/yoast.com\/product\/yoast-seo-wordpress\/ -->\n<title>Jerem\u00edas Tama Espinoza - Polis Ecuador<\/title>\n<meta name=\"robots\" content=\"index, follow, max-snippet:-1, max-image-preview:large, max-video-preview:-1\" \/>\n<link rel=\"canonical\" href=\"https:\/\/polisecuador.org\/en\/equipo\/jeremias-tama-espinoza\/\" \/>\n<meta property=\"og:locale\" content=\"en_US\" \/>\n<meta property=\"og:type\" content=\"article\" \/>\n<meta property=\"og:title\" content=\"Jerem\u00edas Tama Espinoza - Polis Ecuador\" \/>\n<meta property=\"og:description\" content=\"Jerem\u00edas Tama EspinozaDirector General de POLISTiene un Diploma en Filosofia, Pol\u00edtica y Econom\u00eda por la Universidad de las Am\u00e9ricas con el aval acad\u00e9mico de PENN University. Diploma en Gobernanza Estrat\u00e9gica por la Universidad Iberoamericana de M\u00e9xico. Miembro m\u00e1s joven del Programa Ejecutivo en Big Data y Analysis de la Universidad de Palermo en Argentina (2022-2023). [&hellip;]\" \/>\n<meta property=\"og:url\" content=\"https:\/\/polisecuador.org\/en\/equipo\/jeremias-tama-espinoza\/\" \/>\n<meta property=\"og:site_name\" content=\"Polis Ecuador\" \/>\n<meta property=\"article:publisher\" content=\"https:\/\/www.facebook.com\/polisecuador\" \/>\n<meta property=\"article:modified_time\" content=\"2026-03-21T09:25:28+00:00\" \/>\n<meta property=\"og:image\" content=\"https:\/\/polisecuador.org\/wp-content\/uploads\/2024\/05\/PHOTO-2024-04-08-15-15-29.jpg\" \/>\n\t<meta property=\"og:image:width\" content=\"1600\" \/>\n\t<meta property=\"og:image:height\" content=\"1066\" \/>\n\t<meta property=\"og:image:type\" content=\"image\/jpeg\" \/>\n<meta name=\"twitter:card\" content=\"summary_large_image\" \/>\n<meta name=\"twitter:site\" content=\"@polisecuador\" \/>\n<meta name=\"twitter:label1\" content=\"Est. reading time\" \/>\n\t<meta name=\"twitter:data1\" content=\"1 minute\" \/>\n<script type=\"application\/ld+json\" class=\"yoast-schema-graph\">{\"@context\":\"https:\\\/\\\/schema.org\",\"@graph\":[{\"@type\":\"WebPage\",\"@id\":\"https:\\\/\\\/polisecuador.org\\\/equipo\\\/jeremias-tama-espinoza\\\/\",\"url\":\"https:\\\/\\\/polisecuador.org\\\/equipo\\\/jeremias-tama-espinoza\\\/\",\"name\":\"Jerem\u00edas Tama Espinoza - Polis Ecuador\",\"isPartOf\":{\"@id\":\"https:\\\/\\\/polisecuador.org\\\/#website\"},\"primaryImageOfPage\":{\"@id\":\"https:\\\/\\\/polisecuador.org\\\/equipo\\\/jeremias-tama-espinoza\\\/#primaryimage\"},\"image\":{\"@id\":\"https:\\\/\\\/polisecuador.org\\\/equipo\\\/jeremias-tama-espinoza\\\/#primaryimage\"},\"thumbnailUrl\":\"https:\\\/\\\/polisecuador.org\\\/wp-content\\\/uploads\\\/2024\\\/05\\\/PHOTO-2024-04-08-15-15-29.jpg\",\"datePublished\":\"2023-06-12T08:47:29+00:00\",\"dateModified\":\"2026-03-21T09:25:28+00:00\",\"breadcrumb\":{\"@id\":\"https:\\\/\\\/polisecuador.org\\\/equipo\\\/jeremias-tama-espinoza\\\/#breadcrumb\"},\"inLanguage\":\"en-US\",\"potentialAction\":[{\"@type\":\"ReadAction\",\"target\":[\"https:\\\/\\\/polisecuador.org\\\/equipo\\\/jeremias-tama-espinoza\\\/\"]}]},{\"@type\":\"ImageObject\",\"inLanguage\":\"en-US\",\"@id\":\"https:\\\/\\\/polisecuador.org\\\/equipo\\\/jeremias-tama-espinoza\\\/#primaryimage\",\"url\":\"https:\\\/\\\/polisecuador.org\\\/wp-content\\\/uploads\\\/2024\\\/05\\\/PHOTO-2024-04-08-15-15-29.jpg\",\"contentUrl\":\"https:\\\/\\\/polisecuador.org\\\/wp-content\\\/uploads\\\/2024\\\/05\\\/PHOTO-2024-04-08-15-15-29.jpg\",\"width\":1600,\"height\":1066,\"caption\":\"Jerem\u00edas Tama\"},{\"@type\":\"BreadcrumbList\",\"@id\":\"https:\\\/\\\/polisecuador.org\\\/equipo\\\/jeremias-tama-espinoza\\\/#breadcrumb\",\"itemListElement\":[{\"@type\":\"ListItem\",\"position\":1,\"name\":\"Portada\",\"item\":\"https:\\\/\\\/polisecuador.org\\\/\"},{\"@type\":\"ListItem\",\"position\":2,\"name\":\"Equipo\",\"item\":\"https:\\\/\\\/polisecuador.org\\\/equipo\\\/\"},{\"@type\":\"ListItem\",\"position\":3,\"name\":\"Jerem\u00edas Tama Espinoza\"}]},{\"@type\":\"WebSite\",\"@id\":\"https:\\\/\\\/polisecuador.org\\\/#website\",\"url\":\"https:\\\/\\\/polisecuador.org\\\/\",\"name\":\"Polis Ecuador\",\"description\":\"Academia de Formaci\u00f3n Pol\u00edtica\",\"publisher\":{\"@id\":\"https:\\\/\\\/polisecuador.org\\\/#organization\"},\"potentialAction\":[{\"@type\":\"SearchAction\",\"target\":{\"@type\":\"EntryPoint\",\"urlTemplate\":\"https:\\\/\\\/polisecuador.org\\\/?s={search_term_string}\"},\"query-input\":{\"@type\":\"PropertyValueSpecification\",\"valueRequired\":true,\"valueName\":\"search_term_string\"}}],\"inLanguage\":\"en-US\"},{\"@type\":\"Organization\",\"@id\":\"https:\\\/\\\/polisecuador.org\\\/#organization\",\"name\":\"Polis Ecuador\",\"url\":\"https:\\\/\\\/polisecuador.org\\\/\",\"logo\":{\"@type\":\"ImageObject\",\"inLanguage\":\"en-US\",\"@id\":\"https:\\\/\\\/polisecuador.org\\\/#\\\/schema\\\/logo\\\/image\\\/\",\"url\":\"https:\\\/\\\/polisecuador.org\\\/wp-content\\\/uploads\\\/2023\\\/04\\\/polis-web.svg\",\"contentUrl\":\"https:\\\/\\\/polisecuador.org\\\/wp-content\\\/uploads\\\/2023\\\/04\\\/polis-web.svg\",\"width\":1391.69000000000005456968210637569427490234375,\"height\":754.1299999999999954525264911353588104248046875,\"caption\":\"Polis Ecuador\"},\"image\":{\"@id\":\"https:\\\/\\\/polisecuador.org\\\/#\\\/schema\\\/logo\\\/image\\\/\"},\"sameAs\":[\"https:\\\/\\\/www.facebook.com\\\/polisecuador\",\"https:\\\/\\\/x.com\\\/polisecuador\"]}]}<\/script>\n<!-- \/ Yoast SEO plugin. -->","yoast_head_json":{"title":"Jerem\u00edas Tama Espinoza - Polis Ecuador","robots":{"index":"index","follow":"follow","max-snippet":"max-snippet:-1","max-image-preview":"max-image-preview:large","max-video-preview":"max-video-preview:-1"},"canonical":"https:\/\/polisecuador.org\/en\/equipo\/jeremias-tama-espinoza\/","og_locale":"en_US","og_type":"article","og_title":"Jerem\u00edas Tama Espinoza - Polis Ecuador","og_description":"Jerem\u00edas Tama EspinozaDirector General de POLISTiene un Diploma en Filosofia, Pol\u00edtica y Econom\u00eda por la Universidad de las Am\u00e9ricas con el aval acad\u00e9mico de PENN University. Diploma en Gobernanza Estrat\u00e9gica por la Universidad Iberoamericana de M\u00e9xico. Miembro m\u00e1s joven del Programa Ejecutivo en Big Data y Analysis de la Universidad de Palermo en Argentina (2022-2023). [&hellip;]","og_url":"https:\/\/polisecuador.org\/en\/equipo\/jeremias-tama-espinoza\/","og_site_name":"Polis Ecuador","article_publisher":"https:\/\/www.facebook.com\/polisecuador","article_modified_time":"2026-03-21T09:25:28+00:00","og_image":[{"width":1600,"height":1066,"url":"https:\/\/polisecuador.org\/wp-content\/uploads\/2024\/05\/PHOTO-2024-04-08-15-15-29.jpg","type":"image\/jpeg"}],"twitter_card":"summary_large_image","twitter_site":"@polisecuador","twitter_misc":{"Est. reading time":"1 minute"},"schema":{"@context":"https:\/\/schema.org","@graph":[{"@type":"WebPage","@id":"https:\/\/polisecuador.org\/equipo\/jeremias-tama-espinoza\/","url":"https:\/\/polisecuador.org\/equipo\/jeremias-tama-espinoza\/","name":"Jerem\u00edas Tama Espinoza - Polis Ecuador","isPartOf":{"@id":"https:\/\/polisecuador.org\/#website"},"primaryImageOfPage":{"@id":"https:\/\/polisecuador.org\/equipo\/jeremias-tama-espinoza\/#primaryimage"},"image":{"@id":"https:\/\/polisecuador.org\/equipo\/jeremias-tama-espinoza\/#primaryimage"},"thumbnailUrl":"https:\/\/polisecuador.org\/wp-content\/uploads\/2024\/05\/PHOTO-2024-04-08-15-15-29.jpg","datePublished":"2023-06-12T08:47:29+00:00","dateModified":"2026-03-21T09:25:28+00:00","breadcrumb":{"@id":"https:\/\/polisecuador.org\/equipo\/jeremias-tama-espinoza\/#breadcrumb"},"inLanguage":"en-US","potentialAction":[{"@type":"ReadAction","target":["https:\/\/polisecuador.org\/equipo\/jeremias-tama-espinoza\/"]}]},{"@type":"ImageObject","inLanguage":"en-US","@id":"https:\/\/polisecuador.org\/equipo\/jeremias-tama-espinoza\/#primaryimage","url":"https:\/\/polisecuador.org\/wp-content\/uploads\/2024\/05\/PHOTO-2024-04-08-15-15-29.jpg","contentUrl":"https:\/\/polisecuador.org\/wp-content\/uploads\/2024\/05\/PHOTO-2024-04-08-15-15-29.jpg","width":1600,"height":1066,"caption":"Jerem\u00edas Tama"},{"@type":"BreadcrumbList","@id":"https:\/\/polisecuador.org\/equipo\/jeremias-tama-espinoza\/#breadcrumb","itemListElement":[{"@type":"ListItem","position":1,"name":"Portada","item":"https:\/\/polisecuador.org\/"},{"@type":"ListItem","position":2,"name":"Equipo","item":"https:\/\/polisecuador.org\/equipo\/"},{"@type":"ListItem","position":3,"name":"Jerem\u00edas Tama Espinoza"}]},{"@type":"WebSite","@id":"https:\/\/polisecuador.org\/#website","url":"https:\/\/polisecuador.org\/","name":"Polis Ecuador","description":"Academia de Formaci\u00f3n Pol\u00edtica","publisher":{"@id":"https:\/\/polisecuador.org\/#organization"},"potentialAction":[{"@type":"SearchAction","target":{"@type":"EntryPoint","urlTemplate":"https:\/\/polisecuador.org\/?s={search_term_string}"},"query-input":{"@type":"PropertyValueSpecification","valueRequired":true,"valueName":"search_term_string"}}],"inLanguage":"en-US"},{"@type":"Organization","@id":"https:\/\/polisecuador.org\/#organization","name":"Polis Ecuador","url":"https:\/\/polisecuador.org\/","logo":{"@type":"ImageObject","inLanguage":"en-US","@id":"https:\/\/polisecuador.org\/#\/schema\/logo\/image\/","url":"https:\/\/polisecuador.org\/wp-content\/uploads\/2023\/04\/polis-web.svg","contentUrl":"https:\/\/polisecuador.org\/wp-content\/uploads\/2023\/04\/polis-web.svg","width":1391.69000000000005456968210637569427490234375,"height":754.1299999999999954525264911353588104248046875,"caption":"Polis Ecuador"},"image":{"@id":"https:\/\/polisecuador.org\/#\/schema\/logo\/image\/"},"sameAs":["https:\/\/www.facebook.com\/polisecuador","https:\/\/x.com\/polisecuador"]}]}},"_links":{"self":[{"href":"https:\/\/polisecuador.org\/en\/wp-json\/wp\/v2\/pages\/217","targetHints":{"allow":["GET"]}}],"collection":[{"href":"https:\/\/polisecuador.org\/en\/wp-json\/wp\/v2\/pages"}],"about":[{"href":"https:\/\/polisecuador.org\/en\/wp-json\/wp\/v2\/types\/page"}],"author":[{"embeddable":true,"href":"https:\/\/polisecuador.org\/en\/wp-json\/wp\/v2\/users\/1"}],"replies":[{"embeddable":true,"href":"https:\/\/polisecuador.org\/en\/wp-json\/wp\/v2\/comments?post=217"}],"version-history":[{"count":0,"href":"https:\/\/polisecuador.org\/en\/wp-json\/wp\/v2\/pages\/217\/revisions"}],"up":[{"embeddable":true,"href":"https:\/\/polisecuador.org\/en\/wp-json\/wp\/v2\/pages\/228"}],"wp:featuredmedia":[{"embeddable":true,"href":"https:\/\/polisecuador.org\/en\/wp-json\/wp\/v2\/media\/324"}],"wp:attachment":[{"href":"https:\/\/polisecuador.org\/en\/wp-json\/wp\/v2\/media?parent=217"}],"curies":[{"name":"wp","href":"https:\/\/api.w.org\/{rel}","templated":true}]}}